{"id":849,"date":"2021-10-11T16:38:50","date_gmt":"2021-10-11T16:38:50","guid":{"rendered":"https:\/\/tacticseurope.com\/demos\/5aldia\/die-partner\/"},"modified":"2021-11-24T17:14:15","modified_gmt":"2021-11-24T17:14:15","slug":"die-partner","status":"publish","type":"page","link":"https:\/\/longlifechallenge.eu\/de\/die-partner\/","title":{"rendered":"Die Partner"},"content":{"rendered":"<p>[et_pb_section fb_built=&#8220;1&#8243; _builder_version=&#8220;4.9.10&#8243; _module_preset=&#8220;default&#8220; custom_margin=&#8220;||50px||false|false&#8220; global_colors_info=&#8220;{}&#8220;][et_pb_row _builder_version=&#8220;4.9.10&#8243; _module_preset=&#8220;default&#8220; z_index=&#8220;75&#8243; global_colors_info=&#8220;{}&#8220;][et_pb_column type=&#8220;4_4&#8243; _builder_version=&#8220;4.9.10&#8243; _module_preset=&#8220;default&#8220; global_colors_info=&#8220;{}&#8220;][et_pb_text _builder_version=&#8220;4.11.1&#8243; _module_preset=&#8220;default&#8220; text_font_size=&#8220;16px&#8220; header_text_align=&#8220;center&#8220; header_text_color=&#8220;#a3195c&#8220; header_line_height=&#8220;1.2em&#8220; custom_padding=&#8220;||0px|||&#8220; header_font_size_tablet=&#8220;&#8220; header_font_size_phone=&#8220;25px&#8220; header_font_size_last_edited=&#8220;on|phone&#8220; header_2_font_size_tablet=&#8220;&#8220; header_2_font_size_phone=&#8220;22px&#8220; header_2_font_size_last_edited=&#8220;on|phone&#8220; global_colors_info=&#8220;{}&#8220;]<\/p>\n<h1><strong>WER STEHT HINTER #LONGLIFECHALLENGE OF EUROPE?<\/strong><\/h1>\n<h2 style=\"text-align: center;\"><strong>Erfahren Sie hier alles \u00fcber unsere Partner!<\/strong><\/h2>\n<p>&nbsp;<\/p>\n<p>[\/et_pb_text][\/et_pb_column][\/et_pb_row][et_pb_row _builder_version=&#8220;4.11.1&#8243; _module_preset=&#8220;default&#8220; global_colors_info=&#8220;{}&#8220;][et_pb_column type=&#8220;4_4&#8243; _builder_version=&#8220;4.11.1&#8243; _module_preset=&#8220;default&#8220; global_colors_info=&#8220;{}&#8220;][et_pb_divider divider_weight=&#8220;2px&#8220; _builder_version=&#8220;4.11.1&#8243; _module_preset=&#8220;default&#8220; width=&#8220;75%&#8220; module_alignment=&#8220;center&#8220; global_colors_info=&#8220;{}&#8220;][\/et_pb_divider][\/et_pb_column][\/et_pb_row][et_pb_row column_structure=&#8220;1_3,2_3&#8243; _builder_version=&#8220;4.11.1&#8243; _module_preset=&#8220;default&#8220; global_colors_info=&#8220;{}&#8220;][et_pb_column type=&#8220;1_3&#8243; _builder_version=&#8220;4.11.1&#8243; _module_preset=&#8220;default&#8220; global_colors_info=&#8220;{}&#8220;][et_pb_image src=&#8220;https:\/\/longlifechallenge.eu\/wp-content\/uploads\/2021\/10\/Eucofeles.png&#8220; title_text=&#8220;Eucofeles&#8220; _builder_version=&#8220;4.11.2&#8243; _module_preset=&#8220;default&#8220; hover_enabled=&#8220;0&#8243; global_colors_info=&#8220;{}&#8220; url=&#8220;https:\/\/eucofel.eu\/&#8220; url_new_window=&#8220;on&#8220; sticky_enabled=&#8220;0&#8243;][\/et_pb_image][\/et_pb_column][et_pb_column type=&#8220;2_3&#8243; _builder_version=&#8220;4.11.1&#8243; _module_preset=&#8220;default&#8220; global_colors_info=&#8220;{}&#8220;][et_pb_text _builder_version=&#8220;4.11.1&#8243; _module_preset=&#8220;default&#8220; text_font_size=&#8220;16px&#8220; global_colors_info=&#8220;{}&#8220;]<\/p>\n<h3><strong>FruitVegetablesEUROPE (EUCOFEL):<\/strong><\/h3>\n<p>FruitVegetablesEUROPE (EUCOFEL) wurde vor mehr als 60 Jahren gegr\u00fcndet und ist der europ\u00e4ische Verband, der die Obst- und Gem\u00fcseproduktion und den Handel in der EU auf europ\u00e4ischer Ebene vertritt. Mit Sitz in Br\u00fcssel tritt FruitVegetablesEUROPE als Vermittler zwischen den branchenspezifischen und regionalen Stakeholdern und den politischen Entscheidungstr\u00e4gern in den europ\u00e4ischen Institutionen und als Sprachrohr der europ\u00e4ischen Obst- und Gem\u00fcseerzeuger und -h\u00e4ndler auf.<\/p>\n<p>FruitVegetablesEUROPE hat die Aufgabe, die in der EU erzeugten Obst- und Gem\u00fcsesorten zu vertreten, zu verteidigen und zu f\u00f6rdern.<\/p>\n<p>[\/et_pb_text][\/et_pb_column][\/et_pb_row][et_pb_row _builder_version=&#8220;4.11.1&#8243; _module_preset=&#8220;default&#8220; global_colors_info=&#8220;{}&#8220;][et_pb_column type=&#8220;4_4&#8243; _builder_version=&#8220;4.11.1&#8243; _module_preset=&#8220;default&#8220; global_colors_info=&#8220;{}&#8220;][et_pb_divider divider_weight=&#8220;2px&#8220; _builder_version=&#8220;4.11.1&#8243; _module_preset=&#8220;default&#8220; width=&#8220;75%&#8220; module_alignment=&#8220;center&#8220; global_colors_info=&#8220;{}&#8220;][\/et_pb_divider][\/et_pb_column][\/et_pb_row][et_pb_row column_structure=&#8220;1_3,2_3&#8243; _builder_version=&#8220;4.11.1&#8243; _module_preset=&#8220;default&#8220; global_colors_info=&#8220;{}&#8220;][et_pb_column type=&#8220;1_3&#8243; _builder_version=&#8220;4.11.1&#8243; _module_preset=&#8220;default&#8220; global_colors_info=&#8220;{}&#8220;][et_pb_image src=&#8220;https:\/\/longlifechallenge.eu\/wp-content\/uploads\/2021\/10\/CGC.png&#8220; title_text=&#8220;CGC&#8220; _builder_version=&#8220;4.11.2&#8243; _module_preset=&#8220;default&#8220; hover_enabled=&#8220;0&#8243; global_colors_info=&#8220;{}&#8220; url=&#8220;https:\/\/www.citricos.org\/&#8220; url_new_window=&#8220;on&#8220; sticky_enabled=&#8220;0&#8243;][\/et_pb_image][\/et_pb_column][et_pb_column type=&#8220;2_3&#8243; _builder_version=&#8220;4.11.1&#8243; _module_preset=&#8220;default&#8220; global_colors_info=&#8220;{}&#8220;][et_pb_text _builder_version=&#8220;4.11.1&#8243; _module_preset=&#8220;default&#8220; text_font_size=&#8220;16px&#8220; global_colors_info=&#8220;{}&#8220;]<\/p>\n<h3><strong>Comit\u00e9 de Gesti\u00f3n de C\u00edtricos (Verwaltungsausschuss f\u00fcr Zitrusfr\u00fcchte):<\/strong><\/h3>\n<p>Das Comit\u00e9 de Gesti\u00f3n de C\u00edtricos ist ein Berufsverband, der den privaten spanischen Zitrussektor von der Erzeugung bis zur Vermarktung zusammenfasst. Etwa 3\/4 des Volumens der spanischen Zitrusfr\u00fcchte, die frisch (verpackt) vermarktet werden, werden von privaten Exporteuren und den Erzeugerorganisationen geerntet, verarbeitet, verpackt und exportiert, die durch den Verwaltungsausschuss f\u00fcr Zitrusfr\u00fcchte (CGC) vertreten werden.<\/p>\n<p>[\/et_pb_text][\/et_pb_column][\/et_pb_row][et_pb_row _builder_version=&#8220;4.11.1&#8243; _module_preset=&#8220;default&#8220; global_colors_info=&#8220;{}&#8220;][et_pb_column type=&#8220;4_4&#8243; _builder_version=&#8220;4.11.1&#8243; _module_preset=&#8220;default&#8220; global_colors_info=&#8220;{}&#8220;][et_pb_divider divider_weight=&#8220;2px&#8220; _builder_version=&#8220;4.11.1&#8243; _module_preset=&#8220;default&#8220; width=&#8220;75%&#8220; module_alignment=&#8220;center&#8220; global_colors_info=&#8220;{}&#8220;][\/et_pb_divider][\/et_pb_column][\/et_pb_row][et_pb_row column_structure=&#8220;1_3,2_3&#8243; _builder_version=&#8220;4.11.1&#8243; _module_preset=&#8220;default&#8220; global_colors_info=&#8220;{}&#8220;][et_pb_column type=&#8220;1_3&#8243; _builder_version=&#8220;4.11.1&#8243; _module_preset=&#8220;default&#8220; global_colors_info=&#8220;{}&#8220;][et_pb_image src=&#8220;https:\/\/longlifechallenge.eu\/wp-content\/uploads\/2021\/10\/fresa-francia.png&#8220; title_text=&#8220;fresa francia&#8220; _builder_version=&#8220;4.11.2&#8243; _module_preset=&#8220;default&#8220; hover_enabled=&#8220;0&#8243; global_colors_info=&#8220;{}&#8220; url=&#8220;https:\/\/fraisesdefrance.fr\/&#8220; url_new_window=&#8220;on&#8220; sticky_enabled=&#8220;0&#8243;][\/et_pb_image][\/et_pb_column][et_pb_column type=&#8220;2_3&#8243; _builder_version=&#8220;4.11.1&#8243; _module_preset=&#8220;default&#8220; global_colors_info=&#8220;{}&#8220;][et_pb_text _builder_version=&#8220;4.11.1&#8243; _module_preset=&#8220;default&#8220; text_font_size=&#8220;16px&#8220; global_colors_info=&#8220;{}&#8220;]<\/p>\n<h3><strong>AOPn Fraises de France:<\/strong><\/h3>\n<p>Die 2008 gegr\u00fcndete AOPn Fraises de France, der nationale Verband der Erdbeererzeugerorganisationen in Frankreich, vereint mehr als 300 franz\u00f6sische Erzeuger und vertritt 45 % der nationalen Erdbeererzeugung. <br \/>Ziel des Verbandes ist es, die Produktion franz\u00f6sischer Erdbeeren zu erhalten und weiterzuentwickeln, indem den Verbrauchern geschmackvolle und hochwertige Sorten angeboten werden, aber auch indem agronomische und wissenschaftliche Forschung finanziert wird.<\/p>\n<p>[\/et_pb_text][\/et_pb_column][\/et_pb_row][et_pb_row _builder_version=&#8220;4.11.1&#8243; _module_preset=&#8220;default&#8220; global_colors_info=&#8220;{}&#8220;][et_pb_column type=&#8220;4_4&#8243; _builder_version=&#8220;4.11.1&#8243; _module_preset=&#8220;default&#8220; global_colors_info=&#8220;{}&#8220;][et_pb_divider divider_weight=&#8220;2px&#8220; _builder_version=&#8220;4.11.1&#8243; _module_preset=&#8220;default&#8220; width=&#8220;75%&#8220; module_alignment=&#8220;center&#8220; global_colors_info=&#8220;{}&#8220;][\/et_pb_divider][\/et_pb_column][\/et_pb_row][et_pb_row column_structure=&#8220;1_3,2_3&#8243; _builder_version=&#8220;4.11.1&#8243; _module_preset=&#8220;default&#8220; global_colors_info=&#8220;{}&#8220;][et_pb_column type=&#8220;1_3&#8243; _builder_version=&#8220;4.11.1&#8243; _module_preset=&#8220;default&#8220; global_colors_info=&#8220;{}&#8220;][et_pb_image src=&#8220;https:\/\/longlifechallenge.eu\/wp-content\/uploads\/2021\/10\/Brocoli.png&#8220; title_text=&#8220;Brocoli&#8220; _builder_version=&#8220;4.11.2&#8243; _module_preset=&#8220;default&#8220; hover_enabled=&#8220;0&#8243; global_colors_info=&#8220;{}&#8220; url=&#8220;https:\/\/masbrocoli.com\/&#8220; url_new_window=&#8220;on&#8220; sticky_enabled=&#8220;0&#8243;][\/et_pb_image][\/et_pb_column][et_pb_column type=&#8220;2_3&#8243; _builder_version=&#8220;4.11.1&#8243; _module_preset=&#8220;default&#8220; global_colors_info=&#8220;{}&#8220;][et_pb_text _builder_version=&#8220;4.11.1&#8243; _module_preset=&#8220;default&#8220; text_font_size=&#8220;16px&#8220; global_colors_info=&#8220;{}&#8220;]<\/p>\n<h3><strong>+Brocoli:<\/strong><\/h3>\n<p>Die Vereinigung zur F\u00f6rderung des Brokkoliverzehrs (+BROCOLI) wurde 2010 als gemeinn\u00fctzige Organisation gegr\u00fcndet, deren Hauptziel die Steigerung des Brokkoliverzehrs ist. Sie bringt Landwirte, Vermarkter, Forscher, Ern\u00e4hrungswissenschaftler, Gastronomen und alle damit verbundenen Einrichtungen und Personen zusammen, die daran interessiert sind, zu verbreiten, dass jedes Produkt aus einer Nutzpflanze dieser Art, auch in verarbeiteter Form, enorme gesundheitliche Vorteile bieten kann und gleichzeitig ein k\u00f6stliches Lebensmittel darstellt.<\/p>\n<p>[\/et_pb_text][\/et_pb_column][\/et_pb_row][et_pb_row _builder_version=&#8220;4.11.1&#8243; _module_preset=&#8220;default&#8220; global_colors_info=&#8220;{}&#8220;][et_pb_column type=&#8220;4_4&#8243; _builder_version=&#8220;4.11.1&#8243; _module_preset=&#8220;default&#8220; global_colors_info=&#8220;{}&#8220;][et_pb_divider divider_weight=&#8220;2px&#8220; _builder_version=&#8220;4.11.1&#8243; _module_preset=&#8220;default&#8220; width=&#8220;75%&#8220; module_alignment=&#8220;center&#8220; global_colors_info=&#8220;{}&#8220;][\/et_pb_divider][\/et_pb_column][\/et_pb_row][et_pb_row column_structure=&#8220;1_3,2_3&#8243; _builder_version=&#8220;4.11.1&#8243; _module_preset=&#8220;default&#8220; global_colors_info=&#8220;{}&#8220;][et_pb_column type=&#8220;1_3&#8243; _builder_version=&#8220;4.11.1&#8243; _module_preset=&#8220;default&#8220; global_colors_info=&#8220;{}&#8220;][et_pb_image src=&#8220;https:\/\/longlifechallenge.eu\/wp-content\/uploads\/2021\/10\/Manzana-polonia.png&#8220; title_text=&#8220;Manzana polonia&#8220; _builder_version=&#8220;4.11.2&#8243; _module_preset=&#8220;default&#8220; hover_enabled=&#8220;0&#8243; global_colors_info=&#8220;{}&#8220; url=&#8220;http:\/\/www.grupyogrodnicze.pl\/&#8220; url_new_window=&#8220;on&#8220; sticky_enabled=&#8220;0&#8243;][\/et_pb_image][\/et_pb_column][et_pb_column type=&#8220;2_3&#8243; _builder_version=&#8220;4.11.1&#8243; _module_preset=&#8220;default&#8220; global_colors_info=&#8220;{}&#8220;][et_pb_text _builder_version=&#8220;4.11.1&#8243; _module_preset=&#8220;default&#8220; text_font_size=&#8220;16px&#8220; global_colors_info=&#8220;{}&#8220;]<\/p>\n<h3><strong>KZGPOiW:<\/strong><\/h3>\n<p>Der Nationalverband der Erzeugergemeinschaften f\u00fcr Obst und Gem\u00fcse wurde als erster landesweiter, von Erzeugergemeinschaften organisierter Handelsverband gegr\u00fcndet. Der Verband ist einerseits eine Lobbyorganisation, seine Hauptaufgaben sind jedoch die Unterst\u00fctzung der Gruppen und Organisationen bei ihrer t\u00e4glichen Arbeit. Der Verband ist auch ein Forum f\u00fcr das gegenseitige Kennenlernen und die Herstellung wirtschaftlicher Kontakte zwischen Gruppen und Organisationen.<\/p>\n<p>[\/et_pb_text][\/et_pb_column][\/et_pb_row][et_pb_row _builder_version=&#8220;4.11.1&#8243; _module_preset=&#8220;default&#8220; global_colors_info=&#8220;{}&#8220;][et_pb_column type=&#8220;4_4&#8243; _builder_version=&#8220;4.11.1&#8243; _module_preset=&#8220;default&#8220; global_colors_info=&#8220;{}&#8220;][et_pb_divider divider_weight=&#8220;2px&#8220; _builder_version=&#8220;4.11.1&#8243; _module_preset=&#8220;default&#8220; width=&#8220;75%&#8220; module_alignment=&#8220;center&#8220; global_colors_info=&#8220;{}&#8220;][\/et_pb_divider][\/et_pb_column][\/et_pb_row][et_pb_row column_structure=&#8220;1_3,2_3&#8243; _builder_version=&#8220;4.11.1&#8243; _module_preset=&#8220;default&#8220; global_colors_info=&#8220;{}&#8220;][et_pb_column type=&#8220;1_3&#8243; _builder_version=&#8220;4.11.1&#8243; _module_preset=&#8220;default&#8220; global_colors_info=&#8220;{}&#8220;][et_pb_image src=&#8220;https:\/\/longlifechallenge.eu\/wp-content\/uploads\/2021\/10\/Esparragos.png&#8220; title_text=&#8220;Esparragos&#8220; _builder_version=&#8220;4.11.2&#8243; _module_preset=&#8220;default&#8220; hover_enabled=&#8220;0&#8243; global_colors_info=&#8220;{}&#8220; url=&#8220;https:\/\/www.faecagranada.com\/&#8220; url_new_window=&#8220;on&#8220; sticky_enabled=&#8220;0&#8243;][\/et_pb_image][\/et_pb_column][et_pb_column type=&#8220;2_3&#8243; _builder_version=&#8220;4.11.1&#8243; _module_preset=&#8220;default&#8220; global_colors_info=&#8220;{}&#8220;][et_pb_text _builder_version=&#8220;4.11.1&#8243; _module_preset=&#8220;default&#8220; text_font_size=&#8220;16px&#8220; global_colors_info=&#8220;{}&#8220;]<\/p>\n<h3><strong>Interprofesional del Esp\u00e1rrago Verde de Espa\u00f1a (spanischer berufs\u00fcbergreifender Verband f\u00fcr gr\u00fcnen Spargel) :<\/strong><\/h3>\n<p>Der spanische berufs\u00fcbergreifende Verband f\u00fcr gr\u00fcnen Spargel besteht aus Tausenden von Landwirten und Unternehmen, die gr\u00fcnen Spargel anbauen. Spanien ist f\u00fchrend in der europ\u00e4ischen Produktion, wobei mehr als die H\u00e4lfte der Gesamtmenge in der Provinz Granada angebaut wird. Es handelt sich um eine Initiative, die von den \u201erepr\u00e4sentativsten\u201c Organisationen, Genossenschaften und Unternehmen dieser Nutzpflanze auf nationaler und regionaler Ebene getragen wird, \u201emit dem gemeinsamen Ziel, die Wettbewerbsf\u00e4higkeit des gr\u00fcnen Spargels auf dem Markt zu verteidigen und zu verbessern\u201c.<\/p>\n<p>[\/et_pb_text][\/et_pb_column][\/et_pb_row][\/et_pb_section]<\/p>\n","protected":false},"excerpt":{"rendered":"<p>WER STEHT HINTER #LONGLIFECHALLENGE OF EUROPE? Erfahren Sie hier alles \u00fcber unsere Partner! &nbsp;FruitVegetablesEUROPE (EUCOFEL): FruitVegetablesEUROPE (EUCOFEL) wurde vor mehr als 60 Jahren gegr\u00fcndet und ist der europ\u00e4ische Verband, der die Obst- und Gem\u00fcseproduktion und den Handel in der EU auf europ\u00e4ischer Ebene vertritt. Mit Sitz in Br\u00fcssel tritt FruitVegetablesEUROPE als Vermittler zwischen den branchenspezifischen [&hellip;]<\/p>\n","protected":false},"author":1,"featured_media":0,"parent":0,"menu_order":0,"comment_status":"closed","ping_status":"closed","template":"","meta":{"_et_pb_use_builder":"on","_et_pb_old_content":"","_et_gb_content_width":"","footnotes":""},"_links":{"self":[{"href":"https:\/\/longlifechallenge.eu\/de\/wp-json\/wp\/v2\/pages\/849"}],"collection":[{"href":"https:\/\/longlifechallenge.eu\/de\/wp-json\/wp\/v2\/pages"}],"about":[{"href":"https:\/\/longlifechallenge.eu\/de\/wp-json\/wp\/v2\/types\/page"}],"author":[{"embeddable":true,"href":"https:\/\/longlifechallenge.eu\/de\/wp-json\/wp\/v2\/users\/1"}],"replies":[{"embeddable":true,"href":"https:\/\/longlifechallenge.eu\/de\/wp-json\/wp\/v2\/comments?post=849"}],"version-history":[{"count":3,"href":"https:\/\/longlifechallenge.eu\/de\/wp-json\/wp\/v2\/pages\/849\/revisions"}],"predecessor-version":[{"id":3599,"href":"https:\/\/longlifechallenge.eu\/de\/wp-json\/wp\/v2\/pages\/849\/revisions\/3599"}],"wp:attachment":[{"href":"https:\/\/longlifechallenge.eu\/de\/wp-json\/wp\/v2\/media?parent=849"}],"curies":[{"name":"wp","href":"https:\/\/api.w.org\/{rel}","templated":true}]}}